{"id":303,"date":"2018-11-07T17:18:51","date_gmt":"2018-11-07T17:18:51","guid":{"rendered":"https:\/\/the7.io\/g-business\/?page_id=303"},"modified":"2021-10-12T20:05:30","modified_gmt":"2021-10-12T20:05:30","slug":"blog","status":"publish","type":"page","link":"https:\/\/espeto.es\/?page_id=303","title":{"rendered":"Noticias"},"content":{"rendered":"<div class=\"wpb-content-wrapper\"><p>[vc_row][vc_column]<style type=\"text\/css\" data-type=\"the7_shortcodes-inline-css\">.blog-shortcode.blog-list-shortcode-id-b05c0b55f53c1b6f6f4059dd3fb7b795.dividers-on.classic-layout-list article {\n  margin-top: 60px;\n  padding-top: 0;\n}\n.blog-shortcode.blog-list-shortcode-id-b05c0b55f53c1b6f6f4059dd3fb7b795.dividers-on.classic-layout-list article:first-of-type {\n  margin-top: 0;\n  padding-top: 0;\n}\n.blog-shortcode.blog-list-shortcode-id-b05c0b55f53c1b6f6f4059dd3fb7b795.classic-layout-list.mode-list .post-thumbnail-wrap {\n  width: 40%;\n}\n.blog-shortcode.blog-list-shortcode-id-b05c0b55f53c1b6f6f4059dd3fb7b795.classic-layout-list.mode-list .post-entry-content {\n  width: calc(100% - 40%);\n}\n.blog-shortcode.blog-list-shortcode-id-b05c0b55f53c1b6f6f4059dd3fb7b795.classic-layout-list.mode-list .no-img .post-entry-content {\n  width: 100%;\n}\n.blog-shortcode.blog-list-shortcode-id-b05c0b55f53c1b6f6f4059dd3fb7b795 .filter {\n  margin-bottom: 50px;\n}\n.blog-shortcode.blog-list-shortcode-id-b05c0b55f53c1b6f6f4059dd3fb7b795 .filter-bg-decoration .filter-categories a.act {\n  color: #fff;\n}\n.blog-shortcode.blog-list-shortcode-id-b05c0b55f53c1b6f6f4059dd3fb7b795:not(.mode-masonry) article {\n  margin-top: 60px;\n}\n.blog-shortcode.blog-list-shortcode-id-b05c0b55f53c1b6f6f4059dd3fb7b795:not(.mode-masonry) article:first-of-type,\n.blog-shortcode.blog-list-shortcode-id-b05c0b55f53c1b6f6f4059dd3fb7b795:not(.mode-masonry) article.visible.first:not(.product) {\n  margin-top: 0;\n}\n.blog-shortcode.blog-list-shortcode-id-b05c0b55f53c1b6f6f4059dd3fb7b795.dividers-on:not(.mode-masonry) article {\n  margin-top: 0;\n  padding-top: 60px;\n}\n.blog-shortcode.blog-list-shortcode-id-b05c0b55f53c1b6f6f4059dd3fb7b795.dividers-on:not(.mode-masonry) article:first-of-type,\n.blog-shortcode.blog-list-shortcode-id-b05c0b55f53c1b6f6f4059dd3fb7b795.dividers-on:not(.mode-masonry) article.visible.first:not(.product) {\n  margin-top: 0;\n  padding-top: 0;\n}\n.blog-shortcode.blog-list-shortcode-id-b05c0b55f53c1b6f6f4059dd3fb7b795 .post-thumbnail-wrap {\n  padding: 0px 0px 0px 0px;\n}\n.blog-shortcode.blog-list-shortcode-id-b05c0b55f53c1b6f6f4059dd3fb7b795.enable-bg-rollover .post-thumbnail-rollover:after {\n  background: -webkit-linear-gradient();\n  background: linear-gradient();\n}\n.blog-shortcode.blog-list-shortcode-id-b05c0b55f53c1b6f6f4059dd3fb7b795 .gallery-zoom-ico {\n  width: 44px;\n  height: 44px;\n  line-height: 44px;\n  border-radius: 100px;\n  margin: -22px 0 0 -22px;\n  border-width: 0px;\n  color: #ffffff;\n}\n.bottom-overlap-layout-list.blog-shortcode.blog-list-shortcode-id-b05c0b55f53c1b6f6f4059dd3fb7b795 .gallery-zoom-ico {\n  margin-top: -22px;\n}\n.gradient-overlay-layout-list.blog-shortcode.blog-list-shortcode-id-b05c0b55f53c1b6f6f4059dd3fb7b795 .gallery-zoom-ico,\n.content-rollover-layout-list.blog-shortcode.blog-list-shortcode-id-b05c0b55f53c1b6f6f4059dd3fb7b795 .gallery-zoom-ico {\n  margin: 0 0 10px;\n}\n.content-align-center.gradient-overlay-layout-list.blog-shortcode.blog-list-shortcode-id-b05c0b55f53c1b6f6f4059dd3fb7b795 .gallery-zoom-ico,\n.content-align-center.content-rollover-layout-list.blog-shortcode.blog-list-shortcode-id-b05c0b55f53c1b6f6f4059dd3fb7b795 .gallery-zoom-ico {\n  margin: 0 auto 10px;\n}\n.dt-icon-bg-on.blog-shortcode.blog-list-shortcode-id-b05c0b55f53c1b6f6f4059dd3fb7b795 .gallery-zoom-ico {\n  background: rgba(255,255,255,0.3);\n  box-shadow: none;\n}\n.blog-shortcode.blog-list-shortcode-id-b05c0b55f53c1b6f6f4059dd3fb7b795 .gallery-zoom-ico > span,\n.blog-shortcode.blog-list-shortcode-id-b05c0b55f53c1b6f6f4059dd3fb7b795 .gallery-zoom-ico:before {\n  font-size: 32px;\n  line-height: 44px;\n}\n.blog-shortcode.blog-list-shortcode-id-b05c0b55f53c1b6f6f4059dd3fb7b795 .gallery-zoom-ico > span,\n.blog-shortcode.blog-list-shortcode-id-b05c0b55f53c1b6f6f4059dd3fb7b795 .gallery-zoom-ico:before {\n  color: #ffffff;\n}\n.blog-shortcode.blog-list-shortcode-id-b05c0b55f53c1b6f6f4059dd3fb7b795 .fancy-date a {\n  background: #ffffff;\n  box-shadow: none;\n}\n.blog-shortcode.blog-list-shortcode-id-b05c0b55f53c1b6f6f4059dd3fb7b795 .fancy-date a * {\n  color: #2d2d2d;\n}\n.blog-shortcode.blog-list-shortcode-id-b05c0b55f53c1b6f6f4059dd3fb7b795 .entry-title,\n.blog-shortcode.blog-list-shortcode-id-b05c0b55f53c1b6f6f4059dd3fb7b795.owl-carousel .entry-title {\n  margin-bottom: 10px;\n  font-weight: bold;\n}\n.blog-shortcode.blog-list-shortcode-id-b05c0b55f53c1b6f6f4059dd3fb7b795 .entry-meta {\n  margin-bottom: 12px;\n}\n.blog-shortcode.blog-list-shortcode-id-b05c0b55f53c1b6f6f4059dd3fb7b795 .entry-meta * {\n  color: #93c248;\n}\n.blog-shortcode.blog-list-shortcode-id-b05c0b55f53c1b6f6f4059dd3fb7b795 .portfolio-categories {\n  margin-bottom: 12px;\n}\n.blog-shortcode.blog-list-shortcode-id-b05c0b55f53c1b6f6f4059dd3fb7b795 .entry-meta > a:after,\n.blog-shortcode.blog-list-shortcode-id-b05c0b55f53c1b6f6f4059dd3fb7b795 .entry-meta > span:after {\n  background: #93c248;\n  box-shadow: none;\n}\n.blog-shortcode.blog-list-shortcode-id-b05c0b55f53c1b6f6f4059dd3fb7b795 .entry-excerpt {\n  margin-bottom: 5px;\n}\n.blog-shortcode.blog-list-shortcode-id-b05c0b55f53c1b6f6f4059dd3fb7b795:not(.centered-layout-list) .post-entry-content {\n  padding: 0px 0px 0px 50px;\n}\n.blog-shortcode.blog-list-shortcode-id-b05c0b55f53c1b6f6f4059dd3fb7b795:not(.centered-layout-list):not(.content-bg-on):not(.mode-list) .no-img .post-entry-content {\n  padding: 0;\n}\n@media screen and (max-width: 778px) {\n  .blog-shortcode.blog-list-shortcode-id-b05c0b55f53c1b6f6f4059dd3fb7b795 article {\n    -ms-flex-flow: column nowrap;\n    flex-flow: column nowrap;\n    margin-top: 20px;\n  }\n  .blog-shortcode.blog-list-shortcode-id-b05c0b55f53c1b6f6f4059dd3fb7b795.dividers-on article {\n    border: none;\n  }\n  .blog-shortcode.blog-list-shortcode-id-b05c0b55f53c1b6f6f4059dd3fb7b795.content-bg-on.centered-layout-list article {\n    padding: 0;\n  }\n  .blog-shortcode.blog-list-shortcode-id-b05c0b55f53c1b6f6f4059dd3fb7b795.blog-shortcode.dividers-on article,\n  .blog-shortcode.blog-list-shortcode-id-b05c0b55f53c1b6f6f4059dd3fb7b795.dividers-on.classic-layout-list article {\n    margin-top: 20px;\n    padding: 0;\n  }\n  .blog-shortcode.blog-list-shortcode-id-b05c0b55f53c1b6f6f4059dd3fb7b795.blog-shortcode.dividers-on article:first-of-type,\n  .blog-shortcode.blog-list-shortcode-id-b05c0b55f53c1b6f6f4059dd3fb7b795.dividers-on.classic-layout-list article:first-of-type {\n    padding: 0;\n  }\n  #page .blog-shortcode.blog-list-shortcode-id-b05c0b55f53c1b6f6f4059dd3fb7b795 .post-thumbnail-wrap,\n  #page .blog-shortcode.blog-list-shortcode-id-b05c0b55f53c1b6f6f4059dd3fb7b795 .post-entry-content {\n    width: 100%;\n    margin: 0;\n    top: 0;\n  }\n  #page .blog-shortcode.blog-list-shortcode-id-b05c0b55f53c1b6f6f4059dd3fb7b795 .post-thumbnail-wrap {\n    padding: 0;\n  }\n  #page .blog-shortcode.blog-list-shortcode-id-b05c0b55f53c1b6f6f4059dd3fb7b795 .post-entry-content:after {\n    display: none;\n  }\n  #page .blog-shortcode.blog-list-shortcode-id-b05c0b55f53c1b6f6f4059dd3fb7b795 .project-even .post-thumbnail-wrap,\n  #page .blog-shortcode.blog-list-shortcode-id-b05c0b55f53c1b6f6f4059dd3fb7b795.centered-layout-list .post-thumbnail-wrap {\n    -ms-flex-order: 0;\n    order: 0;\n  }\n  #page .blog-shortcode.blog-list-shortcode-id-b05c0b55f53c1b6f6f4059dd3fb7b795.centered-layout-list .post-entry-title-content {\n    -ms-flex-order: 1;\n    order: 1;\n    width: 100%;\n    padding: 20px 20px 0;\n  }\n  #page .blog-shortcode.blog-list-shortcode-id-b05c0b55f53c1b6f6f4059dd3fb7b795.centered-layout-list .post-entry-content {\n    -ms-flex-order: 2;\n    order: 2;\n    padding-top: 0;\n  }\n  #page .blog-shortcode.blog-list-shortcode-id-b05c0b55f53c1b6f6f4059dd3fb7b795 .fancy-categories {\n    top: 10px;\n    left: 10px;\n    bottom: auto;\n    right: auto;\n  }\n  #page .blog-shortcode.blog-list-shortcode-id-b05c0b55f53c1b6f6f4059dd3fb7b795 .fancy-date a {\n    top: 10px;\n    right: 10px;\n    left: auto;\n    bottom: auto;\n  }\n  #page .blog-shortcode.blog-list-shortcode-id-b05c0b55f53c1b6f6f4059dd3fb7b795 .post-entry-content {\n    padding: 20px;\n  }\n  #page .blog-shortcode.blog-list-shortcode-id-b05c0b55f53c1b6f6f4059dd3fb7b795 .entry-title {\n    margin: 3px 0 5px;\n    font-size: 20px;\n    line-height: 26px;\n  }\n  #page .blog-shortcode.blog-list-shortcode-id-b05c0b55f53c1b6f6f4059dd3fb7b795 .entry-meta {\n    margin: 5px 0 5px;\n  }\n  #page .blog-shortcode.blog-list-shortcode-id-b05c0b55f53c1b6f6f4059dd3fb7b795 .entry-excerpt {\n    margin: 15px 0 0;\n  }\n  #page .blog-shortcode.blog-list-shortcode-id-b05c0b55f53c1b6f6f4059dd3fb7b795 .post-details {\n    margin: 5px 0 10px;\n  }\n  #page .blog-shortcode.blog-list-shortcode-id-b05c0b55f53c1b6f6f4059dd3fb7b795 .post-details.details-type-link {\n    margin-bottom: 2px;\n  }\n}\n<\/style><div class=\"articles-list blog-shortcode mode-list blog-list-shortcode-id-b05c0b55f53c1b6f6f4059dd3fb7b795 classic-layout-list enable-bg-rollover jquery-filter dt-icon-bg-off vertical-fancy-style loading-effect-fade-in\" data-cur-page=\"1\" data-post-limit=\"6\" data-pagination-mode=\"pages\"><div class=\"filter\"><div class=\"filter-categories\" data-default-order=\"desc\" data-default-orderby=\"date\"><a href=\"https:\/\/espeto.es\/?page_id=303&#038;orderby=date\" class=\"show-all act\" data-filter=\"*\">Ver todo<\/a><a href=\"https:\/\/espeto.es\/?page_id=303&#038;term=28&#038;orderby=date\" class=\"concursos\" data-filter=\".category-28\">Concursos<\/a><a href=\"https:\/\/espeto.es\/?page_id=303&#038;term=27&#038;orderby=date\" class=\"eventos\" data-filter=\".category-27\">Eventos<\/a><a href=\"https:\/\/espeto.es\/?page_id=303&#038;term=29&#038;orderby=date\" class=\"historiografia\" data-filter=\".category-29\">Historiograf\u00eda<\/a><a href=\"https:\/\/espeto.es\/?page_id=303&#038;term=1&#038;orderby=date\" class=\"sin-categoria\" data-filter=\".category-1\">Sin categor\u00eda<\/a><\/div><div class=\"filter-extras\"><div class=\"filter-by\"><a href=\"https:\/\/espeto.es\/?page_id=303&#038;orderby=date&#038;order=desc\" class=\"sort-by-date act\" data-by=\"date\"><svg version=\"1.1\" id=\"Layer_1\" xmlns=\"http:\/\/www.w3.org\/2000\/svg\" xmlns:xlink=\"http:\/\/www.w3.org\/1999\/xlink\" x=\"0px\" y=\"0px\" viewBox=\"0 0 16 16\" style=\"enable-background:new 0 0 16 16;\" xml:space=\"preserve\"><path d=\"M11,6.5C11,6.2,11.2,6,11.5,6h1C12.8,6,13,6.2,13,6.5v1C13,7.8,12.8,8,12.5,8h-1C11.2,8,11,7.8,11,7.5V6.5z M8,6.5C8,6.2,8.2,6,8.5,6h1C9.8,6,10,6.2,10,6.5v1C10,7.8,9.8,8,9.5,8h-1C8.2,8,8,7.8,8,7.5V6.5z M3,9.5C3,9.2,3.2,9,3.5,9h1C4.8,9,5,9.2,5,9.5v1C5,10.8,4.8,11,4.5,11h-1C3.2,11,3,10.8,3,10.5V9.5z M6,9.5C6,9.2,6.2,9,6.5,9h1C7.8,9,8,9.2,8,9.5v1C8,10.8,7.8,11,7.5,11h-1C6.2,11,6,10.8,6,10.5V9.5z\"\/><path d=\"M3.5,0C3.8,0,4,0.2,4,0.5V1h8V0.5C12,0.2,12.2,0,12.5,0S13,0.2,13,0.5V1h1c1.1,0,2,0.9,2,2v11c0,1.1-0.9,2-2,2H2c-1.1,0-2-0.9-2-2V3c0-1.1,0.9-2,2-2h1V0.5C3,0.2,3.2,0,3.5,0z M1,4v10c0,0.6,0.4,1,1,1h12c0.6,0,1-0.4,1-1V4H1z\"\/><\/svg><span class=\"filter-popup\">Ordenar por fecha<\/span><\/a><span class=\"filter-switch\"><\/span><a href=\"https:\/\/espeto.es\/?page_id=303&#038;orderby=name&#038;order=desc\" class=\"sort-by-name\" data-by=\"name\"><svg version=\"1.1\" id=\"Layer_1\" xmlns=\"http:\/\/www.w3.org\/2000\/svg\" xmlns:xlink=\"http:\/\/www.w3.org\/1999\/xlink\" x=\"0px\" y=\"0px\" viewBox=\"0 0 16 16\" style=\"enable-background:new 0 0 16 16;\" xml:space=\"preserve\"><path d=\"M2.2,13.1l0.9-2.8h3.5l0.9,2.8h1.3L5.5,3.8H4.3L1,13.1H2.2z M4.9,5.2l1.4,4.2H3.5L4.9,5.2C4.9,5.2,4.9,5.2,4.9,5.2z\"\/><g><path d=\"M10,12.4l2.8-3.6c0.3-0.3,0.5-0.6,0.8-1v0h-3.3V6.9h4.7l0,0.7l-2.7,3.6c-0.3,0.3-0.5,0.6-0.8,1v0H15v0.9h-5V12.4z\"\/><\/g><\/svg><span class=\"filter-popup\">Ordenar por nombre<\/span><\/a><\/div><div class=\"filter-sorting\" style=\"display: none;\"><a href=\"https:\/\/espeto.es\/?page_id=303&#038;orderby=date&#038;order=desc\" class=\"sort-by-desc act\" data-sort=\"desc\"><svg version=\"1.1\" id=\"Layer_1\" xmlns=\"http:\/\/www.w3.org\/2000\/svg\" xmlns:xlink=\"http:\/\/www.w3.org\/1999\/xlink\" x=\"0px\" y=\"0px\"viewBox=\"0 0 16 16\" style=\"enable-background:new 0 0 16 16;\" xml:space=\"preserve\"><path d=\"M3.5,2.5C3.5,2.2,3.3,2,3,2S2.5,2.2,2.5,2.5v8.8l-1.1-1.1c-0.2-0.2-0.5-0.2-0.7,0s-0.2,0.5,0,0.7l0,0l2,2l0,0c0.2,0.2,0.5,0.2,0.7,0l2-2c0.2-0.2,0.2-0.5,0-0.7c-0.2-0.2-0.5-0.2-0.7,0l-1.1,1.1V2.5z M7,3.5C7,3.2,7.2,3,7.5,3h7C14.8,3,15,3.2,15,3.5S14.8,4,14.5,4h-7C7.2,4,7,3.8,7,3.5z M7.5,6C7.2,6,7,6.2,7,6.5S7.2,7,7.5,7h5C12.8,7,13,6.8,13,6.5S12.8,6,12.5,6H7.5z M7.5,9C7.2,9,7,9.2,7,9.5S7.2,10,7.5,10h3c0.3,0,0.5-0.2,0.5-0.5S10.8,9,10.5,9H7.5z M7.5,12C7.2,12,7,12.2,7,12.5S7.2,13,7.5,13h1C8.8,13,9,12.8,9,12.5S8.8,12,8.5,12H7.5z\"\/><\/svg><span class=\"filter-popup\">Descendente<\/span><\/a><span class=\"filter-switch\"><\/span><a href=\"https:\/\/espeto.es\/?page_id=303&#038;orderby=date&#038;order=asc\" class=\"sort-by-asc\" data-sort=\"asc\"><svg version=\"1.1\" id=\"Layer_1\" xmlns=\"http:\/\/www.w3.org\/2000\/svg\" xmlns:xlink=\"http:\/\/www.w3.org\/1999\/xlink\" x=\"0px\" y=\"0px\" viewBox=\"0 0 16 16\" style=\"enable-background:new 0 0 16 16;\" xml:space=\"preserve\"><path d=\"M3.5,12.5C3.5,12.8,3.3,13,3,13s-0.5-0.2-0.5-0.5V3.7L1.4,4.9C1.2,5,0.8,5,0.6,4.9s-0.2-0.5,0-0.7l2-2l0,0C2.8,2,3.2,2,3.4,2.1l2,2c0.2,0.2,0.2,0.5,0,0.7S4.8,5,4.6,4.9L3.5,3.7V12.5z M7,3.5C7,3.2,7.2,3,7.5,3h7C14.8,3,15,3.2,15,3.5S14.8,4,14.5,4h-7C7.2,4,7,3.8,7,3.5z M7.5,6C7.2,6,7,6.2,7,6.5S7.2,7,7.5,7h5C12.8,7,13,6.8,13,6.5S12.8,6,12.5,6H7.5z M7.5,9C7.2,9,7,9.2,7,9.5S7.2,10,7.5,10h3c0.3,0,0.5-0.2,0.5-0.5S10.8,9,10.5,9H7.5z M7.5,12C7.2,12,7,12.2,7,12.5S7.2,13,7.5,13h1C8.8,13,9,12.8,9,12.5S8.8,12,8.5,12H7.5z\"\/><\/svg><span class=\"filter-popup\">Ascendente<\/span><\/a><\/div><\/div><\/div><article class=\"post project-odd visible no-img post-2348 type-post status-publish format-standard hentry category-sin-categoria category-1 description-off\" data-name=\"La Mesa del Espeto reconoce al restaurante Casa Kiko por sus m\u00e1s de 40 a\u00f1os preparando sardinas con ca\u00f1a\" data-date=\"2023-12-11T10:33:07+00:00\">\n\n<div class=\"post-entry-content\">\n\n\t<h3 class=\"entry-title\">\n\t\t<a href=\"https:\/\/espeto.es\/?p=2348\" title=\"La Mesa del Espeto reconoce al restaurante Casa Kiko por sus m\u00e1s de 40 a\u00f1os preparando sardinas con ca\u00f1a\" rel=\"bookmark\">La Mesa del Espeto reconoce al restaurante Casa Kiko por sus m\u00e1s de 40 a\u00f1os preparando sardinas con ca\u00f1a<\/a>\n\t<\/h3>\n\n\t<div class=\"entry-meta\"><span class=\"category-link\"><a href=\"https:\/\/espeto.es\/?cat=1\" rel=\"category\">Sin categor\u00eda<\/a><\/span><a class=\"author vcard\" href=\"https:\/\/espeto.es\/?author=1\" title=\"Ver todas las publicaciones de admin\" rel=\"author\">Por <span class=\"fn\">admin<\/span><\/a><a href=\"https:\/\/espeto.es\/?m=20231211\" title=\"10:33\" class=\"data-link\" rel=\"bookmark\"><time class=\"entry-date updated\" datetime=\"2023-12-11T10:33:07+00:00\">11 de diciembre de 2023<\/time><\/a><a href=\"https:\/\/espeto.es\/?p=2348#respond\" class=\"comment-link\" >Deja un comentario<\/a><\/div>\n\t<div class=\"entry-excerpt\"><p>La asociaci\u00f3n ha asistido a la Gran Feria Sabor a M\u00e1laga donde los asistentes han podido degustar de uno de los principales embajadores gastron\u00f3micos de la ciudad en una espetada M\u00e1laga, 11 de diciembre de 2023. La Mesa del Espeto ha asistido a la Gran Feria Sabor a M\u00e1laga para reivindicar el espeto como uno&hellip;<\/p>\n<\/div>\n\t\n<a href=\"https:\/\/espeto.es\/?p=2348\" class=\"dt-btn-s dt-btn post-details details-type-btn\" aria-label=\"Read more about La Mesa del Espeto reconoce al restaurante Casa Kiko por sus m\u00e1s de 40 a\u00f1os preparando sardinas con ca\u00f1a\">Read article<i class=\"dt-icon-the7-arrow-03\" aria-hidden=\"true\"><\/i><\/a>\n\n<\/div><\/article><article class=\"post project-odd visible no-img post-2341 type-post status-publish format-standard hentry category-sin-categoria category-1 description-off\" data-name=\"La Mesa del Espeto asiste a la Gran Feria Sabor a M\u00e1laga con una espetada para sus asistentes\" data-date=\"2023-12-01T11:07:54+00:00\">\n\n<div class=\"post-entry-content\">\n\n\t<h3 class=\"entry-title\">\n\t\t<a href=\"https:\/\/espeto.es\/?p=2341\" title=\"La Mesa del Espeto asiste a la Gran Feria Sabor a M\u00e1laga con una espetada para sus asistentes\" rel=\"bookmark\">La Mesa del Espeto asiste a la Gran Feria Sabor a M\u00e1laga con una espetada para sus asistentes<\/a>\n\t<\/h3>\n\n\t<div class=\"entry-meta\"><span class=\"category-link\"><a href=\"https:\/\/espeto.es\/?cat=1\" rel=\"category\">Sin categor\u00eda<\/a><\/span><a class=\"author vcard\" href=\"https:\/\/espeto.es\/?author=1\" title=\"Ver todas las publicaciones de admin\" rel=\"author\">Por <span class=\"fn\">admin<\/span><\/a><a href=\"https:\/\/espeto.es\/?m=20231201\" title=\"11:07\" class=\"data-link\" rel=\"bookmark\"><time class=\"entry-date updated\" datetime=\"2023-12-01T11:07:54+00:00\">1 de diciembre de 2023<\/time><\/a><a href=\"https:\/\/espeto.es\/?p=2341#respond\" class=\"comment-link\" >Deja un comentario<\/a><\/div>\n\t<div class=\"entry-excerpt\"><p>La asociaci\u00f3n reivindica el producto y su forma tradicional de preparaci\u00f3n en la cita gastron\u00f3mica el d\u00eda 9 y parte de lo que obtenga ir\u00e1 destinado a una asociaci\u00f3n ben\u00e9fica Torremolinos, 1 de diciembre de 2023. La asociaci\u00f3n Mesa del Espeto estar\u00e1 en la Gran Feria Sabor a M\u00e1laga que tiene lugar del 5 al&hellip;<\/p>\n<\/div>\n\t\n<a href=\"https:\/\/espeto.es\/?p=2341\" class=\"dt-btn-s dt-btn post-details details-type-btn\" aria-label=\"Read more about La Mesa del Espeto asiste a la Gran Feria Sabor a M\u00e1laga con una espetada para sus asistentes\">Read article<i class=\"dt-icon-the7-arrow-03\" aria-hidden=\"true\"><\/i><\/a>\n\n<\/div><\/article><article class=\"post project-odd visible post-2333 type-post status-publish format-standard has-post-thumbnail hentry category-sin-categoria category-1 description-off\" data-name=\"La Mesa del Espeto se re\u00fane con la delegada de Turismo de la Junta de Andaluc\u00eda, Gemma del Corral\" data-date=\"2023-07-10T11:56:25+00:00\">\n\n<div class=\"post-thumbnail-wrap\">\n\t<div class=\"post-thumbnail\">\n\n\t\t\n\t\t<span class=\"fancy-categories\"><a href=\"https:\/\/espeto.es\/?cat=1\" rel=\"category tag\">Sin categor\u00eda<\/a><\/span>\n\t\t<a href=\"https:\/\/espeto.es\/?p=2333\" class=\"post-thumbnail-rollover layzr-bg layzr-bg\" ><img fetchpriority=\"high\" decoding=\"async\" class=\"blog-thumb-lazy-load preload-me lazy-load aspect\" src=\"data:image\/svg+xml,%3Csvg%20xmlns%3D&#39;http%3A%2F%2Fwww.w3.org%2F2000%2Fsvg&#39;%20viewBox%3D&#39;0%200%20778%20518&#39;%2F%3E\" data-src=\"https:\/\/espeto.es\/wp-content\/uploads\/2023\/07\/Diseno-sin-titulo-2-778x518.png\" data-srcset=\"https:\/\/espeto.es\/wp-content\/uploads\/2023\/07\/Diseno-sin-titulo-2-778x518.png 778w, https:\/\/espeto.es\/wp-content\/uploads\/2023\/07\/Diseno-sin-titulo-2-901x600.png 901w\" loading=\"eager\" style=\"--ratio: 778 \/ 518\" sizes=\"(max-width: 778px) 100vw, 778px\" alt=\"\" title=\"Dise\u00f1o sin t\u00edtulo (2)\" width=\"778\" height=\"518\"  \/><\/a>\n\t<\/div>\n<\/div>\n\n\n<div class=\"post-entry-content\">\n\n\t<h3 class=\"entry-title\">\n\t\t<a href=\"https:\/\/espeto.es\/?p=2333\" title=\"La Mesa del Espeto se re\u00fane con la delegada de Turismo de la Junta de Andaluc\u00eda, Gemma del Corral\" rel=\"bookmark\">La Mesa del Espeto se re\u00fane con la delegada de Turismo de la Junta de Andaluc\u00eda, Gemma del Corral<\/a>\n\t<\/h3>\n\n\t<div class=\"entry-meta\"><span class=\"category-link\"><a href=\"https:\/\/espeto.es\/?cat=1\" rel=\"category\">Sin categor\u00eda<\/a><\/span><a class=\"author vcard\" href=\"https:\/\/espeto.es\/?author=1\" title=\"Ver todas las publicaciones de admin\" rel=\"author\">Por <span class=\"fn\">admin<\/span><\/a><a href=\"https:\/\/espeto.es\/?m=20230710\" title=\"11:56\" class=\"data-link\" rel=\"bookmark\"><time class=\"entry-date updated\" datetime=\"2023-07-10T11:56:25+00:00\">10 de julio de 2023<\/time><\/a><a href=\"https:\/\/espeto.es\/?p=2333#respond\" class=\"comment-link\" >Deja un comentario<\/a><\/div>\n\t<div class=\"entry-excerpt\"><p>El presidente de la Mesa del Espeto, Adolfo Trigueros, y el tesorero de la misma, Jos\u00e9 Miguel Aragon\u00e9s, se han reunido con la delegada de Turismo de la Junta de Andaluc\u00eda, Gemma del Corral, para abordar los proyectos futuros y posibles l\u00edneas de actuaci\u00f3n para dar un mayor impulso a la Mesa del Espeto en&hellip;<\/p>\n<\/div>\n\t\n<a href=\"https:\/\/espeto.es\/?p=2333\" class=\"dt-btn-s dt-btn post-details details-type-btn\" aria-label=\"Read more about La Mesa del Espeto se re\u00fane con la delegada de Turismo de la Junta de Andaluc\u00eda, Gemma del Corral\">Read article<i class=\"dt-icon-the7-arrow-03\" aria-hidden=\"true\"><\/i><\/a>\n\n<\/div><\/article><article class=\"post project-odd visible post-2325 type-post status-publish format-standard has-post-thumbnail hentry category-sin-categoria category-1 description-off\" data-name=\"La Mesa del Espeto renueva su junta directiva con Adolfo Trigueros a la cabeza\" data-date=\"2023-07-10T11:28:11+00:00\">\n\n<div class=\"post-thumbnail-wrap\">\n\t<div class=\"post-thumbnail\">\n\n\t\t\n\t\t<span class=\"fancy-categories\"><a href=\"https:\/\/espeto.es\/?cat=1\" rel=\"category tag\">Sin categor\u00eda<\/a><\/span>\n\t\t<a href=\"https:\/\/espeto.es\/?p=2325\" class=\"post-thumbnail-rollover layzr-bg layzr-bg\" ><img decoding=\"async\" class=\"blog-thumb-lazy-load preload-me lazy-load aspect\" src=\"data:image\/svg+xml,%3Csvg%20xmlns%3D&#39;http%3A%2F%2Fwww.w3.org%2F2000%2Fsvg&#39;%20viewBox%3D&#39;0%200%20778%20518&#39;%2F%3E\" data-src=\"https:\/\/espeto.es\/wp-content\/uploads\/2023\/07\/Diseno-sin-titulo-1-778x518.png\" data-srcset=\"https:\/\/espeto.es\/wp-content\/uploads\/2023\/07\/Diseno-sin-titulo-1-778x518.png 778w, https:\/\/espeto.es\/wp-content\/uploads\/2023\/07\/Diseno-sin-titulo-1-901x600.png 901w\" loading=\"eager\" style=\"--ratio: 778 \/ 518\" sizes=\"(max-width: 778px) 100vw, 778px\" alt=\"\" title=\"Dise\u00f1o sin t\u00edtulo (1)\" width=\"778\" height=\"518\"  \/><\/a>\n\t<\/div>\n<\/div>\n\n\n<div class=\"post-entry-content\">\n\n\t<h3 class=\"entry-title\">\n\t\t<a href=\"https:\/\/espeto.es\/?p=2325\" title=\"La Mesa del Espeto renueva su junta directiva con Adolfo Trigueros a la cabeza\" rel=\"bookmark\">La Mesa del Espeto renueva su junta directiva con Adolfo Trigueros a la cabeza<\/a>\n\t<\/h3>\n\n\t<div class=\"entry-meta\"><span class=\"category-link\"><a href=\"https:\/\/espeto.es\/?cat=1\" rel=\"category\">Sin categor\u00eda<\/a><\/span><a class=\"author vcard\" href=\"https:\/\/espeto.es\/?author=1\" title=\"Ver todas las publicaciones de admin\" rel=\"author\">Por <span class=\"fn\">admin<\/span><\/a><a href=\"https:\/\/espeto.es\/?m=20230710\" title=\"11:28\" class=\"data-link\" rel=\"bookmark\"><time class=\"entry-date updated\" datetime=\"2023-07-10T11:28:11+00:00\">10 de julio de 2023<\/time><\/a><a href=\"https:\/\/espeto.es\/?p=2325#respond\" class=\"comment-link\" >Deja un comentario<\/a><\/div>\n\t<div class=\"entry-excerpt\"><p>El presidente del C\u00edrculo de Empresarios de Torremolinos, Adolfo Trigueros, dirigir\u00e1 la Mesa del Espeto desde este momento, una iniciativa que tiene como objetivo aunar a los profesionales e instituciones para fomentar el valor gastron\u00f3mico y cultural de este producto, realizar diversas actividades y reactivar la candidatura para nombrar este producto como patrimonio cultural inmaterial&hellip;<\/p>\n<\/div>\n\t\n<a href=\"https:\/\/espeto.es\/?p=2325\" class=\"dt-btn-s dt-btn post-details details-type-btn\" aria-label=\"Read more about La Mesa del Espeto renueva su junta directiva con Adolfo Trigueros a la cabeza\">Read article<i class=\"dt-icon-the7-arrow-03\" aria-hidden=\"true\"><\/i><\/a>\n\n<\/div><\/article><article class=\"post project-odd visible post-2305 type-post status-publish format-standard has-post-thumbnail hentry category-sin-categoria category-1 description-off\" data-name=\"La Mesa del Espeto en la Feria de Sabor a M\u00e1laga\" data-date=\"2021-12-09T20:19:23+00:00\">\n\n<div class=\"post-thumbnail-wrap\">\n\t<div class=\"post-thumbnail\">\n\n\t\t\n\t\t<span class=\"fancy-categories\"><a href=\"https:\/\/espeto.es\/?cat=1\" rel=\"category tag\">Sin categor\u00eda<\/a><\/span>\n\t\t<a href=\"https:\/\/espeto.es\/?p=2305\" class=\"post-thumbnail-rollover layzr-bg layzr-bg\" ><img decoding=\"async\" class=\"blog-thumb-lazy-load preload-me lazy-load aspect\" src=\"data:image\/svg+xml,%3Csvg%20xmlns%3D&#39;http%3A%2F%2Fwww.w3.org%2F2000%2Fsvg&#39;%20viewBox%3D&#39;0%200%20778%20518&#39;%2F%3E\" data-src=\"https:\/\/espeto.es\/wp-content\/uploads\/2022\/01\/foto-mesa-espeto-feria-sabor-malaga2021-0-778x518.jpg\" data-srcset=\"https:\/\/espeto.es\/wp-content\/uploads\/2022\/01\/foto-mesa-espeto-feria-sabor-malaga2021-0-778x518.jpg 778w, https:\/\/espeto.es\/wp-content\/uploads\/2022\/01\/foto-mesa-espeto-feria-sabor-malaga2021-0-901x600.jpg 901w\" loading=\"eager\" style=\"--ratio: 778 \/ 518\" sizes=\"(max-width: 778px) 100vw, 778px\" alt=\"\" title=\"foto-mesa-espeto-feria-sabor-malaga2021-0\" width=\"778\" height=\"518\"  \/><\/a>\n\t<\/div>\n<\/div>\n\n\n<div class=\"post-entry-content\">\n\n\t<h3 class=\"entry-title\">\n\t\t<a href=\"https:\/\/espeto.es\/?p=2305\" title=\"La Mesa del Espeto en la Feria de Sabor a M\u00e1laga\" rel=\"bookmark\">La Mesa del Espeto en la Feria de Sabor a M\u00e1laga<\/a>\n\t<\/h3>\n\n\t<div class=\"entry-meta\"><span class=\"category-link\"><a href=\"https:\/\/espeto.es\/?cat=1\" rel=\"category\">Sin categor\u00eda<\/a><\/span><a class=\"author vcard\" href=\"https:\/\/espeto.es\/?author=1\" title=\"Ver todas las publicaciones de admin\" rel=\"author\">Por <span class=\"fn\">admin<\/span><\/a><a href=\"https:\/\/espeto.es\/?m=20211209\" title=\"20:19\" class=\"data-link\" rel=\"bookmark\"><time class=\"entry-date updated\" datetime=\"2021-12-09T20:19:23+00:00\">9 de diciembre de 2021<\/time><\/a><a href=\"https:\/\/espeto.es\/?p=2305#respond\" class=\"comment-link\" >Deja un comentario<\/a><\/div>\n\t<div class=\"entry-excerpt\"><p>La Mesa del Espeto ha estado presente en \u00abLa Gran Feria de Sabor a M\u00e1laga\u00bb celebrada en el paseo del parque de M\u00e1laga Capital del 4 al 8 de diciembre. La Mesa del Espeto colabor\u00f3 con una gran espetada popular en el auditorio Eduardo Oc\u00f3n el d\u00eda 8 de diciembre y cuyos beneficios fueron para&hellip;<\/p>\n<\/div>\n\t\n<a href=\"https:\/\/espeto.es\/?p=2305\" class=\"dt-btn-s dt-btn post-details details-type-btn\" aria-label=\"Read more about La Mesa del Espeto en la Feria de Sabor a M\u00e1laga\">Read article<i class=\"dt-icon-the7-arrow-03\" aria-hidden=\"true\"><\/i><\/a>\n\n<\/div><\/article><article class=\"post project-odd visible post-2275 type-post status-publish format-standard has-post-thumbnail hentry category-historiografia category-29 description-off\" data-name=\"Los espetos, mejor con la ca\u00f1a de siempre\" data-date=\"2021-10-12T11:12:01+00:00\">\n\n<div class=\"post-thumbnail-wrap\">\n\t<div class=\"post-thumbnail\">\n\n\t\t\n\t\t<span class=\"fancy-categories\"><a href=\"https:\/\/espeto.es\/?cat=29\" rel=\"category tag\">Historiograf\u00eda<\/a><\/span>\n\t\t<a href=\"https:\/\/espeto.es\/?p=2275\" class=\"post-thumbnail-rollover layzr-bg layzr-bg\" ><img decoding=\"async\" class=\"blog-thumb-lazy-load preload-me lazy-load aspect\" src=\"data:image\/svg+xml,%3Csvg%20xmlns%3D&#39;http%3A%2F%2Fwww.w3.org%2F2000%2Fsvg&#39;%20viewBox%3D&#39;0%200%20778%20518&#39;%2F%3E\" data-src=\"https:\/\/espeto.es\/wp-content\/uploads\/2021\/10\/entrevista-jesus-moreno1-778x518.jpg\" data-srcset=\"https:\/\/espeto.es\/wp-content\/uploads\/2021\/10\/entrevista-jesus-moreno1-778x518.jpg 778w, https:\/\/espeto.es\/wp-content\/uploads\/2021\/10\/entrevista-jesus-moreno1-1013x675.jpg 1013w\" loading=\"eager\" style=\"--ratio: 778 \/ 518\" sizes=\"(max-width: 778px) 100vw, 778px\" alt=\"\" title=\"entrevista-jesus-moreno1\" width=\"778\" height=\"518\"  \/><\/a>\n\t<\/div>\n<\/div>\n\n\n<div class=\"post-entry-content\">\n\n\t<h3 class=\"entry-title\">\n\t\t<a href=\"https:\/\/espeto.es\/?p=2275\" title=\"Los espetos, mejor con la ca\u00f1a de siempre\" rel=\"bookmark\">Los espetos, mejor con la ca\u00f1a de siempre<\/a>\n\t<\/h3>\n\n\t<div class=\"entry-meta\"><span class=\"category-link\"><a href=\"https:\/\/espeto.es\/?cat=29\" rel=\"category\">Historiograf\u00eda<\/a><\/span><a class=\"author vcard\" href=\"https:\/\/espeto.es\/?author=1\" title=\"Ver todas las publicaciones de admin\" rel=\"author\">Por <span class=\"fn\">admin<\/span><\/a><a href=\"https:\/\/espeto.es\/?m=20211012\" title=\"11:12\" class=\"data-link\" rel=\"bookmark\"><time class=\"entry-date updated\" datetime=\"2021-10-12T11:12:01+00:00\">12 de octubre de 2021<\/time><\/a><a href=\"https:\/\/espeto.es\/?p=2275#respond\" class=\"comment-link\" >Deja un comentario<\/a><\/div>\n\t<div class=\"entry-excerpt\"><p>Entrevista de La Opini\u00f3n de M\u00e1laga a Jes\u00fas Moreno, historiador y miembro de la Mesa del Espeto a ra\u00edz de la publicaci\u00f3n en \u2018Cuadernos del Rebalaje\u2019 junto al f\u00edsico Manuel P\u00e9rez Mart\u00ednez de una monograf\u00eda del espeto en la que reivindica la ca\u00f1a natural frente a la de metal y da luz a la leyenda&hellip;<\/p>\n<\/div>\n\t\n<a href=\"https:\/\/espeto.es\/?p=2275\" class=\"dt-btn-s dt-btn post-details details-type-btn\" aria-label=\"Read more about Los espetos, mejor con la ca\u00f1a de siempre\">Read article<i class=\"dt-icon-the7-arrow-03\" aria-hidden=\"true\"><\/i><\/a>\n\n<\/div><\/article><article class=\"post project-odd hidden post-2154 type-post status-publish format-standard has-post-thumbnail hentry category-concursos category-28 description-off\" data-name=\"Acto de entrega de premios del III concurso fotogr\u00e1fico \u2018La moraga y el espeto de sardinas\u2019\" data-date=\"2021-09-23T15:16:01+00:00\">\n\n<div class=\"post-thumbnail-wrap\">\n\t<div class=\"post-thumbnail\">\n\n\t\t\n\t\t<span class=\"fancy-categories\"><a href=\"https:\/\/espeto.es\/?cat=28\" rel=\"category tag\">Concursos<\/a><\/span>\n\t\t<a href=\"https:\/\/espeto.es\/?p=2154\" class=\"post-thumbnail-rollover layzr-bg layzr-bg\" ><img decoding=\"async\" class=\"blog-thumb-lazy-load preload-me lazy-load aspect\" src=\"data:image\/svg+xml,%3Csvg%20xmlns%3D&#39;http%3A%2F%2Fwww.w3.org%2F2000%2Fsvg&#39;%20viewBox%3D&#39;0%200%20778%20518&#39;%2F%3E\" data-src=\"https:\/\/espeto.es\/wp-content\/uploads\/2021\/09\/primer-premio-e1633363142969-778x518.jpeg\" data-srcset=\"https:\/\/espeto.es\/wp-content\/uploads\/2021\/09\/primer-premio-e1633363142969-778x518.jpeg 778w, https:\/\/espeto.es\/wp-content\/uploads\/2021\/09\/primer-premio-e1633363142969.jpeg 1200w\" loading=\"eager\" style=\"--ratio: 778 \/ 518\" sizes=\"(max-width: 778px) 100vw, 778px\" alt=\"\" title=\"primer-premio\" width=\"778\" height=\"518\"  \/><\/a>\n\t<\/div>\n<\/div>\n\n\n<div class=\"post-entry-content\">\n\n\t<h3 class=\"entry-title\">\n\t\t<a href=\"https:\/\/espeto.es\/?p=2154\" title=\"Acto de entrega de premios del III concurso fotogr\u00e1fico \u2018La moraga y el espeto de sardinas\u2019\" rel=\"bookmark\">Acto de entrega de premios del III concurso fotogr\u00e1fico \u2018La moraga y el espeto de sardinas\u2019<\/a>\n\t<\/h3>\n\n\t<div class=\"entry-meta\"><span class=\"category-link\"><a href=\"https:\/\/espeto.es\/?cat=28\" rel=\"category\">Concursos<\/a><\/span><a class=\"author vcard\" href=\"https:\/\/espeto.es\/?author=1\" title=\"Ver todas las publicaciones de admin\" rel=\"author\">Por <span class=\"fn\">admin<\/span><\/a><a href=\"https:\/\/espeto.es\/?m=20210923\" title=\"15:16\" class=\"data-link\" rel=\"bookmark\"><time class=\"entry-date updated\" datetime=\"2021-09-23T15:16:01+00:00\">23 de septiembre de 2021<\/time><\/a><a href=\"https:\/\/espeto.es\/?p=2154#respond\" class=\"comment-link\" >Deja un comentario<\/a><\/div>\n\t<div class=\"entry-excerpt\"><p>Nuestra enhorabuena a los premiados\u00a0de la III edici\u00f3n del concurso fotogr\u00e1fico \u2018La moraga y el espeto de sardinas\u2019 y un especial agradecimiento a todos los participantes y a la Diputaci\u00f3n de M\u00e1laga-Sabor a M\u00e1laga por su patrocinio. El\u00a0primer premio con un premio de 600 euros\u00a0ha reca\u00eddo en\u00a0Jorge Rey D\u00edaz de Rada\u00a0del Rinc\u00f3n de la Victoria&hellip;<\/p>\n<\/div>\n\t\n<a href=\"https:\/\/espeto.es\/?p=2154\" class=\"dt-btn-s dt-btn post-details details-type-btn\" aria-label=\"Read more about Acto de entrega de premios del III concurso fotogr\u00e1fico \u2018La moraga y el espeto de sardinas\u2019\">Read article<i class=\"dt-icon-the7-arrow-03\" aria-hidden=\"true\"><\/i><\/a>\n\n<\/div><\/article><article class=\"post project-odd hidden post-2290 type-post status-publish format-standard has-post-thumbnail hentry category-concursos category-eventos category-28 category-27 description-off\" data-name=\"Enorme \u00e9xito de la 7\u00aa edici\u00f3n del Concurso de Espetos Costa del Sol 2021\" data-date=\"2021-08-30T11:18:56+00:00\">\n\n<div class=\"post-thumbnail-wrap\">\n\t<div class=\"post-thumbnail\">\n\n\t\t\n\t\t<span class=\"fancy-categories\"><a href=\"https:\/\/espeto.es\/?cat=28\" rel=\"category tag\">Concursos<\/a><a href=\"https:\/\/espeto.es\/?cat=27\" rel=\"category tag\">Eventos<\/a><\/span>\n\t\t<a href=\"https:\/\/espeto.es\/?p=2290\" class=\"post-thumbnail-rollover layzr-bg layzr-bg\" ><img decoding=\"async\" class=\"blog-thumb-lazy-load preload-me lazy-load aspect\" src=\"data:image\/svg+xml,%3Csvg%20xmlns%3D&#39;http%3A%2F%2Fwww.w3.org%2F2000%2Fsvg&#39;%20viewBox%3D&#39;0%200%20778%20518&#39;%2F%3E\" data-src=\"https:\/\/espeto.es\/wp-content\/uploads\/2021\/10\/primer-premio-concurso-de-espetos-2021-778x518.jpg\" data-srcset=\"https:\/\/espeto.es\/wp-content\/uploads\/2021\/10\/primer-premio-concurso-de-espetos-2021-778x518.jpg 778w, https:\/\/espeto.es\/wp-content\/uploads\/2021\/10\/primer-premio-concurso-de-espetos-2021-901x600.jpg 901w\" loading=\"eager\" style=\"--ratio: 778 \/ 518\" sizes=\"(max-width: 778px) 100vw, 778px\" alt=\"\" title=\"primer-premio-concurso-de-espetos-2021\" width=\"778\" height=\"518\"  \/><\/a>\n\t<\/div>\n<\/div>\n\n\n<div class=\"post-entry-content\">\n\n\t<h3 class=\"entry-title\">\n\t\t<a href=\"https:\/\/espeto.es\/?p=2290\" title=\"Enorme \u00e9xito de la 7\u00aa edici\u00f3n del Concurso de Espetos Costa del Sol 2021\" rel=\"bookmark\">Enorme \u00e9xito de la 7\u00aa edici\u00f3n del Concurso de Espetos Costa del Sol 2021<\/a>\n\t<\/h3>\n\n\t<div class=\"entry-meta\"><span class=\"category-link\"><a href=\"https:\/\/espeto.es\/?cat=28\" rel=\"category\">Concursos<\/a>, <a href=\"https:\/\/espeto.es\/?cat=27\" rel=\"category\">Eventos<\/a><\/span><a class=\"author vcard\" href=\"https:\/\/espeto.es\/?author=1\" title=\"Ver todas las publicaciones de admin\" rel=\"author\">Por <span class=\"fn\">admin<\/span><\/a><a href=\"https:\/\/espeto.es\/?m=20210830\" title=\"11:18\" class=\"data-link\" rel=\"bookmark\"><time class=\"entry-date updated\" datetime=\"2021-08-30T11:18:56+00:00\">30 de agosto de 2021<\/time><\/a><a href=\"https:\/\/espeto.es\/?p=2290#respond\" class=\"comment-link\" >Deja un comentario<\/a><\/div>\n\t<div class=\"entry-excerpt\"><p>Jos\u00e9 Antonio Garc\u00eda Rueda, de Casa Paco, Daniel Rivera, de Los Mellizos, y Miguel Le\u00f3n, de La Mar Bonita y Espeteros a Domicilio, todos ellos de Torremolinos, han sido primer, segundo y tercer ganador del VII Concurso de Espetos Costa del Sol organizado por el C\u00edrculo de Empresarios de Torremolinos. Los tres premios tienen dotaci\u00f3n&hellip;<\/p>\n<\/div>\n\t\n<a href=\"https:\/\/espeto.es\/?p=2290\" class=\"dt-btn-s dt-btn post-details details-type-btn\" aria-label=\"Read more about Enorme \u00e9xito de la 7\u00aa edici\u00f3n del Concurso de Espetos Costa del Sol 2021\">Read article<i class=\"dt-icon-the7-arrow-03\" aria-hidden=\"true\"><\/i><\/a>\n\n<\/div><\/article><article class=\"post project-odd hidden post-2296 type-post status-publish format-standard has-post-thumbnail hentry category-eventos category-27 description-off\" data-name=\"Presentaci\u00f3n de la Mesa del Espeto en el Sal\u00f3n H&#038;T\" data-date=\"2021-04-27T11:38:24+00:00\">\n\n<div class=\"post-thumbnail-wrap\">\n\t<div class=\"post-thumbnail\">\n\n\t\t\n\t\t<span class=\"fancy-categories\"><a href=\"https:\/\/espeto.es\/?cat=27\" rel=\"category tag\">Eventos<\/a><\/span>\n\t\t<a href=\"https:\/\/espeto.es\/?p=2296\" class=\"post-thumbnail-rollover layzr-bg layzr-bg\" ><img decoding=\"async\" class=\"blog-thumb-lazy-load preload-me lazy-load aspect\" src=\"data:image\/svg+xml,%3Csvg%20xmlns%3D&#39;http%3A%2F%2Fwww.w3.org%2F2000%2Fsvg&#39;%20viewBox%3D&#39;0%200%20778%20518&#39;%2F%3E\" data-src=\"https:\/\/espeto.es\/wp-content\/uploads\/2021\/10\/presentacion-mesa-del-espeto-ht-1-778x518.jpg\" data-srcset=\"https:\/\/espeto.es\/wp-content\/uploads\/2021\/10\/presentacion-mesa-del-espeto-ht-1-778x518.jpg 778w, https:\/\/espeto.es\/wp-content\/uploads\/2021\/10\/presentacion-mesa-del-espeto-ht-1-901x600.jpg 901w\" loading=\"eager\" style=\"--ratio: 778 \/ 518\" sizes=\"(max-width: 778px) 100vw, 778px\" alt=\"\" title=\"presentacion-mesa-del-espeto-h&#038;t-1\" width=\"778\" height=\"518\"  \/><\/a>\n\t<\/div>\n<\/div>\n\n\n<div class=\"post-entry-content\">\n\n\t<h3 class=\"entry-title\">\n\t\t<a href=\"https:\/\/espeto.es\/?p=2296\" title=\"Presentaci\u00f3n de la Mesa del Espeto en el Sal\u00f3n H&#038;T\" rel=\"bookmark\">Presentaci\u00f3n de la Mesa del Espeto en el Sal\u00f3n H&#038;T<\/a>\n\t<\/h3>\n\n\t<div class=\"entry-meta\"><span class=\"category-link\"><a href=\"https:\/\/espeto.es\/?cat=27\" rel=\"category\">Eventos<\/a><\/span><a class=\"author vcard\" href=\"https:\/\/espeto.es\/?author=1\" title=\"Ver todas las publicaciones de admin\" rel=\"author\">Por <span class=\"fn\">admin<\/span><\/a><a href=\"https:\/\/espeto.es\/?m=20210427\" title=\"11:38\" class=\"data-link\" rel=\"bookmark\"><time class=\"entry-date updated\" datetime=\"2021-04-27T11:38:24+00:00\">27 de abril de 2021<\/time><\/a><a href=\"https:\/\/espeto.es\/?p=2296#respond\" class=\"comment-link\" >Deja un comentario<\/a><\/div>\n\t<div class=\"entry-excerpt\"><p>La Mesa del Espeto ha tenido su puesta de largo en el stand de \u2018Sabor a M\u00e1laga\u2019, la marca promocional de la Diputaci\u00f3n Provincial, dentro del Sal\u00f3n de Innovaci\u00f3n en Hosteler\u00eda, H&amp;T M\u00e1laga, con la puesta en escena de la firma de su constituci\u00f3n. El vicepresidente primero y diputado de Desarrollo Econ\u00f3mico Sostenible, Juan Carlos&hellip;<\/p>\n<\/div>\n\t\n<a href=\"https:\/\/espeto.es\/?p=2296\" class=\"dt-btn-s dt-btn post-details details-type-btn\" aria-label=\"Read more about Presentaci\u00f3n de la Mesa del Espeto en el Sal\u00f3n H&#038;T\">Read article<i class=\"dt-icon-the7-arrow-03\" aria-hidden=\"true\"><\/i><\/a>\n\n<\/div><\/article><div class=\"paginator\" role=\"navigation\"><\/div><\/div>[\/vc_column][\/vc_row]<\/p>\n<\/div>","protected":false},"excerpt":{"rendered":"<p>[vc_row][vc_column][\/vc_column][\/vc_row]<\/p>\n","protected":false},"author":1,"featured_media":0,"parent":0,"menu_order":65,"comment_status":"closed","ping_status":"closed","template":"","meta":{"footnotes":""},"class_list":["post-303","page","type-page","status-publish","hentry","description-off"],"_links":{"self":[{"href":"https:\/\/espeto.es\/index.php?rest_route=\/wp\/v2\/pages\/303","targetHints":{"allow":["GET"]}}],"collection":[{"href":"https:\/\/espeto.es\/index.php?rest_route=\/wp\/v2\/pages"}],"about":[{"href":"https:\/\/espeto.es\/index.php?rest_route=\/wp\/v2\/types\/page"}],"author":[{"embeddable":true,"href":"https:\/\/espeto.es\/index.php?rest_route=\/wp\/v2\/users\/1"}],"replies":[{"embeddable":true,"href":"https:\/\/espeto.es\/index.php?rest_route=%2Fwp%2Fv2%2Fcomments&post=303"}],"version-history":[{"count":1,"href":"https:\/\/espeto.es\/index.php?rest_route=\/wp\/v2\/pages\/303\/revisions"}],"predecessor-version":[{"id":2302,"href":"https:\/\/espeto.es\/index.php?rest_route=\/wp\/v2\/pages\/303\/revisions\/2302"}],"wp:attachment":[{"href":"https:\/\/espeto.es\/index.php?rest_route=%2Fwp%2Fv2%2Fmedia&parent=303"}],"curies":[{"name":"wp","href":"https:\/\/api.w.org\/{rel}","templated":true}]}}